{"id":37970,"date":"2018-09-06T08:43:40","date_gmt":"2018-09-06T08:43:40","guid":{"rendered":"http:\/\/villamouzinho.com\/en\/?page_id=37970"},"modified":"2020-09-07T17:37:07","modified_gmt":"2020-09-07T17:37:07","slug":"rent-an-e-bike","status":"publish","type":"page","link":"https:\/\/villamouzinho.com\/en\/rent-an-e-bike\/","title":{"rendered":"Rent a E-Bike"},"content":{"rendered":"<p>[et_pb_section fb_built=&#8221;1&#8243; _builder_version=&#8221;3.22&#8243; custom_margin=&#8221;0px||0px||true&#8221; custom_padding=&#8221;0px||0px||true&#8221;][et_pb_row _builder_version=&#8221;3.25&#8243; custom_margin=&#8221;0px||0px||true&#8221; custom_padding=&#8221;80px||80px||true&#8221; column_structure=&#8221;2_3,1_3&#8243;][et_pb_column type=&#8221;2_3&#8243; _builder_version=&#8221;3.25&#8243; custom_padding=&#8221;|||&#8221; custom_padding__hover=&#8221;|||&#8221;][et_pb_text _builder_version=&#8221;3.27.4&#8243; header_font=&#8221;||||||||&#8221; header_text_align=&#8221;left&#8221; custom_margin=&#8221;0px||0px|&#8221; custom_padding=&#8221;0px||0px|&#8221; animation_direction=&#8221;right&#8221;]<\/p>\n<h1>Route D\u00aa Ant\u00f3nia<\/h1>\n<p>[\/et_pb_text][et_pb_image src=&#8221;https:\/\/villamouzinho.com\/en\/wp-content\/uploads\/2018\/06\/VillaMouzinha_Sep_TXT_01.png&#8221; _builder_version=&#8221;3.23&#8243; custom_margin=&#8221;-10px||0px||false&#8221; custom_padding=&#8221;35px||35px||true&#8221; animation_direction=&#8221;left&#8221; always_center_on_mobile=&#8221;off&#8221;][\/et_pb_image][et_pb_text _builder_version=&#8221;3.27.4&#8243; text_font=&#8221;||||||||&#8221; text_orientation=&#8221;justified&#8221; custom_margin=&#8221;0px||0px|&#8221; custom_padding=&#8221;0px||0px|&#8221; animation_style=&#8221;fade&#8221; animation_duration=&#8221;1500ms&#8221; animation_delay=&#8221;500ms&#8221;]<\/p>\n<p>This route, inspired by D.Ant\u00f3nia Adelaide Ferreira, also known as Dona Ant\u00f3nia, one of the great personalities in the history of this region of northern Portugal and the history of Port Wine, takes us to the prestigious Porto Ferreira wine cellar. In this space, in addition to having the privilege of sampling the famous wine, you can visit the museum room, which illustrates in detail the wine production.<\/p>\n<p>At the Cais de Gaia you can relax on an esplanade, enjoy the traditional Rabelo boats or plan a visit to the stunning Douro valleys.<\/p>\n<p>The Douro River is the soul of Port wine, as such, this route passes in the Miradouro of Serra do Pilar that allows to appreciate the meandering of the waters that separate Oporto and Gaia. On the way we cross the iconic Luis I bridge for two different locations.<\/p>\n<p>On the way back we will continue through the Cathedral of Porto and finish the journey through typical narrow streets until arriving at Villa Mouzinho.<\/p>\n<p>[\/et_pb_text][\/et_pb_column][et_pb_column type=&#8221;1_3&#8243; _builder_version=&#8221;3.25&#8243; custom_padding=&#8221;|||&#8221; custom_padding__hover=&#8221;|||&#8221;][et_pb_image src=&#8221;https:\/\/villamouzinho.com\/en\/wp-content\/uploads\/2018\/09\/VM_EBike_01.png&#8221; align=&#8221;center&#8221; align_tablet=&#8221;center&#8221; align_last_edited=&#8221;on|desktop&#8221; _builder_version=&#8221;3.23&#8243; custom_margin=&#8221;0px||0px||true&#8221; custom_padding=&#8221;0px||0px||true&#8221; border_radii=&#8221;on|5px|5px|5px|5px&#8221;][\/et_pb_image][\/et_pb_column][\/et_pb_row][\/et_pb_section][et_pb_section fb_built=&#8221;1&#8243; _builder_version=&#8221;3.22&#8243; background_color=&#8221;#f5f5f5&#8243; custom_margin=&#8221;0px||0px||true&#8221; custom_padding=&#8221;0px||0px||true&#8221; border_width_top=&#8221;1px&#8221; border_color_top=&#8221;rgba(0,0,0,0.1)&#8221; border_width_bottom=&#8221;1px&#8221; border_color_bottom=&#8221;rgba(0,0,0,0.1)&#8221;][et_pb_row _builder_version=&#8221;3.25&#8243; custom_margin=&#8221;0px||0px||true&#8221; custom_padding=&#8221;80px||50px||false&#8221;][et_pb_column type=&#8221;4_4&#8243; _builder_version=&#8221;3.25&#8243; custom_padding=&#8221;|||&#8221; custom_padding__hover=&#8221;|||&#8221;][et_pb_text _builder_version=&#8221;3.27.4&#8243; header_font=&#8221;||||||||&#8221; header_text_align=&#8221;left&#8221; custom_margin=&#8221;0px||0px|&#8221; custom_padding=&#8221;0px||0px|&#8221; animation_direction=&#8221;right&#8221;]<\/p>\n<h1>Route Nasoni<\/h1>\n<p>[\/et_pb_text][et_pb_image src=&#8221;https:\/\/villamouzinho.com\/en\/wp-content\/uploads\/2018\/06\/VillaMouzinha_Sep_TXT_01.png&#8221; _builder_version=&#8221;3.23&#8243; custom_margin=&#8221;-10px||0px||false&#8221; custom_padding=&#8221;35px||35px||true&#8221; animation_direction=&#8221;left&#8221; always_center_on_mobile=&#8221;off&#8221;][\/et_pb_image][et_pb_text _builder_version=&#8221;3.27.4&#8243; text_font=&#8221;||||||||&#8221; text_orientation=&#8221;justified&#8221; custom_margin=&#8221;0px||0px|&#8221; custom_padding=&#8221;0px||0px|&#8221; animation_style=&#8221;fade&#8221; animation_duration=&#8221;1500ms&#8221; animation_delay=&#8221;500ms&#8221;]<\/p>\n<p>Nicolau Nasoni was an Italian artist and architect whose work was recognized in Portugal specially in the city of Porto. It has become one of the most influential figures of Portuguese Baroque architecture, with its original, vigorous and theatrical style.<\/p>\n<p>In this way we will follow in the footsteps of Nicolau among monuments and places of obligatory visit for those who wish to know Porto.<\/p>\n<p>We start with a coffee in Largo de S\u00e3o Domingos and right next to it we visit the Miseric\u00f3rdia Church. Following up the exciting Rua das Flores and through the narrow streets we find probably the most iconic work of Nasoni, the Torre dos Cl\u00e9rigos.The climb to its highest point by narrow stone stairs is mandatory and absolotely justified by the breathtaking view. Among many points of interest we guessed the route to the imposing Cathedral of Porto, destination that follows. As we approach the Cathedral we notice the relevance of one of the most important monuments of Portugal in which Nasoni has contributed to its grandeur.<\/p>\n<p>We continue the journey by the Douro river where the fountain in the Jardim do Passeio Alegre, by Nasoni, introduces the beach and a housing area full of points of interest and leisure. At the end of the day we can relax in one of the many lounge areas in Foz and enjoy the sunset having a drink.<\/p>\n<p>The return to Villa Mouzinho is made upstream while the colors of the city gradually change with the entering of the night.<\/p>\n<p>[\/et_pb_text][\/et_pb_column][\/et_pb_row][et_pb_row _builder_version=&#8221;3.25&#8243; custom_margin=&#8221;0px||0px||true&#8221; custom_padding=&#8221;0px||80px||false&#8221; column_structure=&#8221;1_3,1_3,1_3&#8243;][et_pb_column type=&#8221;1_3&#8243; _builder_version=&#8221;3.25&#8243; custom_padding=&#8221;|||&#8221; custom_padding__hover=&#8221;|||&#8221;][et_pb_image src=&#8221;https:\/\/villamouzinho.com\/en\/wp-content\/uploads\/2018\/09\/VM_EBike_02.png&#8221; align=&#8221;center&#8221; align_tablet=&#8221;center&#8221; align_last_edited=&#8221;on|desktop&#8221; disabled_on=&#8221;on|on|off&#8221; _builder_version=&#8221;3.23&#8243; custom_margin=&#8221;0px||0px||true&#8221; custom_padding=&#8221;0px||0px||true&#8221; border_radii=&#8221;on|5px|5px|5px|5px&#8221;][\/et_pb_image][\/et_pb_column][et_pb_column type=&#8221;1_3&#8243; _builder_version=&#8221;3.25&#8243; custom_padding=&#8221;|||&#8221; custom_padding__hover=&#8221;|||&#8221;][et_pb_image src=&#8221;https:\/\/villamouzinho.com\/en\/wp-content\/uploads\/2018\/09\/VM_EBike_03.png&#8221; align=&#8221;center&#8221; align_tablet=&#8221;center&#8221; align_last_edited=&#8221;on|desktop&#8221; _builder_version=&#8221;3.23&#8243; custom_margin=&#8221;0px||0px||true&#8221; custom_padding=&#8221;0px||0px||true&#8221; border_radii=&#8221;on|5px|5px|5px|5px&#8221;][\/et_pb_image][\/et_pb_column][et_pb_column type=&#8221;1_3&#8243; _builder_version=&#8221;3.25&#8243; custom_padding=&#8221;|||&#8221; custom_padding__hover=&#8221;|||&#8221;][et_pb_image src=&#8221;https:\/\/villamouzinho.com\/en\/wp-content\/uploads\/2018\/09\/VM_EBike_04.png&#8221; align=&#8221;center&#8221; align_tablet=&#8221;center&#8221; align_last_edited=&#8221;on|desktop&#8221; disabled_on=&#8221;on|on|off&#8221; _builder_version=&#8221;3.23&#8243; custom_margin=&#8221;0px||0px||true&#8221; custom_padding=&#8221;0px||0px||true&#8221; border_radii=&#8221;on|5px|5px|5px|5px&#8221;][\/et_pb_image][\/et_pb_column][\/et_pb_row][\/et_pb_section][et_pb_section fb_built=&#8221;1&#8243; _builder_version=&#8221;3.22&#8243; custom_margin=&#8221;0px||0px||true&#8221; custom_padding=&#8221;0px||0px||true&#8221;][et_pb_row _builder_version=&#8221;3.25&#8243; custom_margin=&#8221;0px||0px||true&#8221; custom_padding=&#8221;80px||20px||false&#8221; column_structure=&#8221;2_3,1_3&#8243;][et_pb_column type=&#8221;2_3&#8243; _builder_version=&#8221;3.25&#8243; custom_padding=&#8221;|||&#8221; custom_padding__hover=&#8221;|||&#8221;][et_pb_text _builder_version=&#8221;3.27.4&#8243; header_font=&#8221;||||||||&#8221; header_text_align=&#8221;left&#8221; custom_margin=&#8221;0px||0px|&#8221; custom_padding=&#8221;0px||0px|&#8221; animation_direction=&#8221;right&#8221;]<\/p>\n<h1>Route Almeida Garrett<\/h1>\n<p>[\/et_pb_text][et_pb_image src=&#8221;https:\/\/villamouzinho.com\/en\/wp-content\/uploads\/2018\/06\/VillaMouzinha_Sep_TXT_01.png&#8221; _builder_version=&#8221;3.23&#8243; custom_margin=&#8221;-10px||0px||false&#8221; custom_padding=&#8221;35px||35px||true&#8221; animation_direction=&#8221;left&#8221; always_center_on_mobile=&#8221;off&#8221;][\/et_pb_image][et_pb_text _builder_version=&#8221;3.27.4&#8243; text_font=&#8221;||||||||&#8221; text_orientation=&#8221;justified&#8221; custom_margin=&#8221;0px||0px|&#8221; custom_padding=&#8221;0px||0px|&#8221; animation_style=&#8221;fade&#8221; animation_duration=&#8221;1500ms&#8221; animation_delay=&#8221;500ms&#8221;]<\/p>\n<p>Almeida Garrett was a poet, a playwright, a novelist and a Portuguese politician born in the city of Porto in 1779. It was considered the forerunner of Romanticism in Portugal. Throughout his life he proved to be a true humanist and a revolutionary.<\/p>\n<p>The Porto people gave his name to squares, streets, libraries, etc. These tributes to the writer draw a route through prominent places of Porto.<\/p>\n<p>We start the tour up Mouzinho da Silveira Street that takes us directly to Pra\u00e7a Almeida Garrett, popularly known as S\u00e3o Bento for its proximity to the train station with the same name. From this square follow several streets full of beautiful tall and narrow buildings, with small typicall verandas. The visit to the station is mandatory and contemplate an entire history through the 20000 tiles illustrated in the main lobby.<\/p>\n<p>[\/et_pb_text][\/et_pb_column][et_pb_column type=&#8221;1_3&#8243; _builder_version=&#8221;3.25&#8243; custom_padding=&#8221;|||&#8221; custom_padding__hover=&#8221;|||&#8221;][et_pb_image src=&#8221;https:\/\/villamouzinho.com\/en\/wp-content\/uploads\/2018\/09\/VM_EBike_05.png&#8221; align=&#8221;center&#8221; align_tablet=&#8221;center&#8221; align_last_edited=&#8221;on|desktop&#8221; _builder_version=&#8221;3.23&#8243; custom_margin=&#8221;0px||0px||true&#8221; custom_padding=&#8221;0px||0px||true&#8221; border_radii=&#8221;on|5px|5px|5px|5px&#8221;][\/et_pb_image][\/et_pb_column][\/et_pb_row][et_pb_row _builder_version=&#8221;3.25&#8243; custom_margin=&#8221;0px||0px||true&#8221; custom_padding=&#8221;0px||80px||false&#8221;][et_pb_column type=&#8221;4_4&#8243; _builder_version=&#8221;3.25&#8243; custom_padding=&#8221;|||&#8221; custom_padding__hover=&#8221;|||&#8221;][et_pb_text _builder_version=&#8221;3.27.4&#8243; text_font=&#8221;||||||||&#8221; text_orientation=&#8221;justified&#8221; custom_margin=&#8221;0px||0px|&#8221; custom_padding=&#8221;0px||0px|&#8221; animation_style=&#8221;fade&#8221; animation_duration=&#8221;1500ms&#8221; animation_delay=&#8221;500ms&#8221;]<\/p>\n<p>It follows the ascent of the most charismatic avenue of Porto where the Statue of Garrett is located. Avenida dos Aliados is the heart of the city, a historical site of great events and celebrations in Porto.<\/p>\n<p>In between secondary streets we will pass through the Garrett House, where the writer was born. It is a house built in the second half of the 18th century, during the urban reform of the Almada.<\/p>\n<p>We continue the journey to the Crystal Palace, where the Almeida Garrett Library is located. The beautiful gardens and the magnificent view over the Douro river justify the visit to this space, where you can relax and recover energy.<\/p>\n<p>The influence of the writer is notorious in Porto that honored him in different ways. To feel the city as a whole it is important to know the less touristic areas and to cross the main arteries used by the Porto inhabitants.Thus, we will go around part of the city and head towards the Casa da M\u00fasica in the Rotunda da Boavista, a contemporary landmark and a concert hall with a surpassing architecture. After an optional guided tour, we made the final part of the route passing through the central Pra\u00e7a da Rep\u00fablica and ending at Villa Mouzinho.<\/p>\n<p>[\/et_pb_text][\/et_pb_column][\/et_pb_row][\/et_pb_section][et_pb_section fb_built=&#8221;1&#8243; _builder_version=&#8221;3.22&#8243; background_color=&#8221;#f5f5f5&#8243; custom_margin=&#8221;0px||0px||true&#8221; custom_padding=&#8221;0px||0px||true&#8221; border_width_top=&#8221;1px&#8221; border_color_top=&#8221;rgba(0,0,0,0.1)&#8221; border_width_bottom=&#8221;1px&#8221; border_color_bottom=&#8221;rgba(0,0,0,0.1)&#8221;][et_pb_row _builder_version=&#8221;3.25&#8243; custom_margin=&#8221;0px||0px||true&#8221; custom_padding=&#8221;80px||80px||true&#8221; column_structure=&#8221;1_3,2_3&#8243;][et_pb_column type=&#8221;1_3&#8243; _builder_version=&#8221;3.25&#8243; custom_padding=&#8221;|||&#8221; custom_padding__hover=&#8221;|||&#8221;][et_pb_image src=&#8221;https:\/\/villamouzinho.com\/en\/wp-content\/uploads\/2018\/09\/VM_EBike_06.png&#8221; align=&#8221;center&#8221; align_tablet=&#8221;center&#8221; align_last_edited=&#8221;on|desktop&#8221; _builder_version=&#8221;3.23&#8243; custom_margin=&#8221;0px||0px||true&#8221; custom_padding=&#8221;0px||0px||true&#8221; border_radii=&#8221;on|5px|5px|5px|5px&#8221;][\/et_pb_image][\/et_pb_column][et_pb_column type=&#8221;2_3&#8243; _builder_version=&#8221;3.25&#8243; custom_padding=&#8221;|||&#8221; custom_padding__hover=&#8221;|||&#8221;][et_pb_text _builder_version=&#8221;3.27.4&#8243; header_font=&#8221;||||||||&#8221; header_text_align=&#8221;left&#8221; custom_margin=&#8221;0px||0px|&#8221; custom_padding=&#8221;0px||0px|&#8221; animation_direction=&#8221;right&#8221;]<\/p>\n<h1>Route Manoel de Oliveira<\/h1>\n<p>[\/et_pb_text][et_pb_image src=&#8221;https:\/\/villamouzinho.com\/en\/wp-content\/uploads\/2018\/06\/VillaMouzinha_Sep_TXT_01.png&#8221; _builder_version=&#8221;3.23&#8243; custom_margin=&#8221;-10px||0px||false&#8221; custom_padding=&#8221;35px||35px||true&#8221; animation_direction=&#8221;left&#8221; always_center_on_mobile=&#8221;off&#8221;][\/et_pb_image][et_pb_text _builder_version=&#8221;3.27.4&#8243; text_font=&#8221;||||||||&#8221; text_orientation=&#8221;justified&#8221; custom_margin=&#8221;0px||0px|&#8221; custom_padding=&#8221;0px||0px|&#8221; animation_style=&#8221;fade&#8221; animation_duration=&#8221;1500ms&#8221; animation_delay=&#8221;500ms&#8221;]<\/p>\n<p>Manoel de Oliveira was a famous filmmaker born in Porto in 1908. One of his main works, &#8220;Aniki-b\u00f3b\u00f3&#8221;, was shot in the streets of the old Porto and on the banks of the Douro river.<\/p>\n<p>Villa Mouzinho is located right in the heart of the city and allows us quick access to many points of interest. The first destination of this route is the Ribeira area, one of the oldest and most typical places of Porto.<\/p>\n<p>After treading this zone of singular characteristics we pass by the Luis I bridge and cross the left bank of the Douro river appreciating the city in a different perspective until we arrive at the Marina Douro.<\/p>\n<p>Take a moment to relax and decide whether to return to our sheltered harbor in Villa Mouzinho or to explore a little further the river as far as it meets the sea, in the Douro estuary belvedere, a place many times visited by Manoel de Oliveira which probably inspired most of his works.<\/p>\n<p>[\/et_pb_text][\/et_pb_column][\/et_pb_row][\/et_pb_section][et_pb_section fb_built=&#8221;1&#8243; _builder_version=&#8221;3.22&#8243; custom_margin=&#8221;0px||0px||true&#8221; custom_padding=&#8221;0px||0px||true&#8221;][et_pb_row _builder_version=&#8221;3.25&#8243; custom_margin=&#8221;0px||0px||true&#8221; custom_padding=&#8221;80px||80px||false|false&#8221; column_structure=&#8221;2_3,1_3&#8243;][et_pb_column type=&#8221;2_3&#8243; _builder_version=&#8221;3.25&#8243; custom_padding=&#8221;|||&#8221; custom_padding__hover=&#8221;|||&#8221;][et_pb_text _builder_version=&#8221;3.27.4&#8243; header_font=&#8221;||||||||&#8221; header_text_align=&#8221;left&#8221; custom_margin=&#8221;0px||0px|&#8221; custom_padding=&#8221;0px||0px|&#8221; animation_direction=&#8221;right&#8221;]<\/p>\n<h1>Route D. Henrique<\/h1>\n<p>[\/et_pb_text][et_pb_image src=&#8221;https:\/\/villamouzinho.com\/en\/wp-content\/uploads\/2018\/06\/VillaMouzinha_Sep_TXT_01.png&#8221; _builder_version=&#8221;3.23&#8243; custom_margin=&#8221;-10px||0px||false&#8221; custom_padding=&#8221;35px||35px||true&#8221; animation_direction=&#8221;left&#8221; always_center_on_mobile=&#8221;off&#8221;][\/et_pb_image][et_pb_text _builder_version=&#8221;3.27.4&#8243; text_font=&#8221;||||||||&#8221; text_orientation=&#8221;justified&#8221; custom_margin=&#8221;0px||0px|&#8221; custom_padding=&#8221;0px||0px|&#8221; animation_style=&#8221;fade&#8221; animation_duration=&#8221;1500ms&#8221; animation_delay=&#8221;500ms&#8221;]<\/p>\n<p>A few meters from Villa Mouzinho we stop for the first photographs in the Monument to the Infante D. Henrique and just ahead we can also appreciate the Pal\u00e1cio da Bolsa and visit its surprising interior.<\/p>\n<p>In the middle of Ribeira area we will find the Casa do Infante, where he was born, nowadays a museum that illustrates the feats of the navigator and all the historical surroundings of his time.<\/p>\n<p>We continue on a journey back in time that takes us to another museum of history, the &#8220;World of Discoveries&#8221;.<\/p>\n<p>As well as the Infante, we will widen our horizons and go all the way to An\u00e9mona, on Matosinhos Beach, a monument that honors the fishing community.<\/p>\n<p>During this relaxing trip along the coast we pass through several leisure \u00e1reas. If the temperature allows, take a dip in the sea. On the way back we can still stop at Praia da Luz to watch the sunset before we reach the mainland in Vila Mouzinho.<\/p>\n<p>[\/et_pb_text][\/et_pb_column][et_pb_column type=&#8221;1_3&#8243; _builder_version=&#8221;3.25&#8243; custom_padding=&#8221;|||&#8221; custom_padding__hover=&#8221;|||&#8221;][et_pb_image src=&#8221;https:\/\/villamouzinho.com\/en\/wp-content\/uploads\/2018\/09\/VM_EBike_07.png&#8221; align=&#8221;center&#8221; align_tablet=&#8221;center&#8221; align_last_edited=&#8221;on|desktop&#8221; _builder_version=&#8221;3.23&#8243; custom_margin=&#8221;0px||0px||true&#8221; custom_padding=&#8221;0px||0px||true&#8221; border_radii=&#8221;on|5px|5px|5px|5px&#8221;][\/et_pb_image][\/et_pb_column][\/et_pb_row][\/et_pb_section][et_pb_section fb_built=&#8221;1&#8243; _builder_version=&#8221;3.22&#8243; background_color=&#8221;#f5f5f5&#8243; custom_margin=&#8221;0px||0px||true&#8221; custom_padding=&#8221;0px||0px||true&#8221; border_width_top=&#8221;1px&#8221; border_color_top=&#8221;rgba(0,0,0,0.1)&#8221; border_width_bottom=&#8221;1px&#8221; border_color_bottom=&#8221;rgba(0,0,0,0.1)&#8221;][et_pb_row _builder_version=&#8221;3.25&#8243; custom_margin=&#8221;0px||0px||true&#8221; custom_padding=&#8221;60px||0px||false&#8221;][et_pb_column type=&#8221;4_4&#8243; _builder_version=&#8221;3.25&#8243; custom_padding=&#8221;|||&#8221; custom_padding__hover=&#8221;|||&#8221;][et_pb_text _builder_version=&#8221;3.27.4&#8243; header_font=&#8221;||||||||&#8221; header_text_align=&#8221;left&#8221; header_3_font=&#8221;||||||||&#8221; header_3_text_align=&#8221;center&#8221; header_3_font_size=&#8221;25px&#8221; module_alignment=&#8221;center&#8221; custom_margin=&#8221;0px||0px|&#8221; custom_padding=&#8221;0px||20px|&#8221; animation_direction=&#8221;right&#8221; header_3_font_size_tablet=&#8221;23px&#8221; header_3_font_size_phone=&#8221;20px&#8221; header_3_font_size_last_edited=&#8221;on|desktop&#8221;]<\/p>\n<h3>Download our application for IOS and Android:<\/h3>\n<p>[\/et_pb_text][\/et_pb_column][\/et_pb_row][et_pb_row use_custom_gutter=&#8221;on&#8221; gutter_width=&#8221;2&#8243; _builder_version=&#8221;3.25&#8243; max_width=&#8221;330px&#8221; custom_margin=&#8221;0px||0px||true&#8221; custom_padding=&#8221;0px||60px||false&#8221; use_custom_width=&#8221;on&#8221; custom_width_px=&#8221;330px&#8221; column_structure=&#8221;1_2,1_2&#8243;][et_pb_column type=&#8221;1_2&#8243; _builder_version=&#8221;3.25&#8243; custom_padding=&#8221;|||&#8221; custom_padding__hover=&#8221;|||&#8221;][et_pb_image src=&#8221;https:\/\/villamouzinho.com\/en\/wp-content\/uploads\/2018\/09\/LoadImage.png&#8221; url=&#8221;https:\/\/itunes.apple.com\/pt\/app\/villa-mouzinho\/id1428584993?mt=8&#8243; url_new_window=&#8221;on&#8221; align=&#8221;center&#8221; align_tablet=&#8221;center&#8221; align_last_edited=&#8221;on|desktop&#8221; _builder_version=&#8221;3.23&#8243; custom_margin=&#8221;0px||0px||true&#8221; custom_padding=&#8221;0px||0px||true&#8221;][\/et_pb_image][\/et_pb_column][et_pb_column type=&#8221;1_2&#8243; _builder_version=&#8221;3.25&#8243; custom_padding=&#8221;|||&#8221; custom_padding__hover=&#8221;|||&#8221;][et_pb_image src=&#8221;https:\/\/villamouzinho.com\/en\/wp-content\/uploads\/2018\/09\/LoadImage2.png&#8221; url=&#8221;https:\/\/play.google.com\/store\/apps\/details?id=com.vilamouzinho.biketour&#8221; url_new_window=&#8221;on&#8221; align=&#8221;center&#8221; align_tablet=&#8221;center&#8221; align_last_edited=&#8221;on|desktop&#8221; _builder_version=&#8221;3.23&#8243; custom_margin=&#8221;0px||0px||true&#8221; custom_padding=&#8221;0px||0px||true&#8221;][\/et_pb_image][\/et_pb_column][\/et_pb_row][\/et_pb_section][et_pb_section fb_built=&#8221;1&#8243; disabled_on=&#8221;off|off|off&#8221; _builder_version=&#8221;3.3.1&#8243; background_color=&#8221;#333333&#8243; custom_padding=&#8221;0px||0px|&#8221; custom_padding_tablet=&#8221;0px||0px|&#8221; padding_mobile=&#8221;on&#8221; global_module=&#8221;34289&#8243;][et_pb_row column_structure=&#8221;1_2,1_2&#8243; use_custom_gutter=&#8221;on&#8221; gutter_width=&#8221;2&#8243; column_padding_mobile=&#8221;on&#8221; module_class=&#8221; et_pb_row_fullwidth&#8221; _builder_version=&#8221;3.25&#8243; background_size=&#8221;initial&#8221; background_position=&#8221;top_left&#8221; background_repeat=&#8221;repeat&#8221; width=&#8221;94%&#8221; width_tablet=&#8221;80%&#8221; width_phone=&#8221;&#8221; width_last_edited=&#8221;on|desktop&#8221; max_width=&#8221;94%&#8221; max_width_tablet=&#8221;80%&#8221; max_width_phone=&#8221;&#8221; max_width_last_edited=&#8221;on|desktop&#8221; custom_margin=&#8221;0px||0px|&#8221; custom_padding=&#8221;30px||10px|&#8221; make_fullwidth=&#8221;on&#8221;][et_pb_column type=&#8221;1_2&#8243; _builder_version=&#8221;3.25&#8243; custom_padding=&#8221;|||&#8221; custom_padding__hover=&#8221;|||&#8221;][et_pb_image src=&#8221;https:\/\/villamouzinho.com\/en\/wp-content\/uploads\/2018\/11\/certificado-ssl-en_white.png&#8221; _builder_version=&#8221;3.23&#8243; custom_margin=&#8221;0px||-32px|85px|false&#8221; custom_margin_tablet=&#8221;||15px|0px&#8221; custom_margin_phone=&#8221;&#8221; custom_margin_last_edited=&#8221;on|desktop&#8221; custom_padding=&#8221;0px||0px||true&#8221; always_center_on_mobile=&#8221;off&#8221;][\/et_pb_image][et_pb_social_media_follow disabled_on=&#8221;off|off|off&#8221; _builder_version=&#8221;4.1&#8243; text_orientation=&#8221;left&#8221; custom_margin=&#8221;0px||0px||true&#8221; custom_padding=&#8221;0px||15px||false&#8221; border_radii=&#8221;on|50px|50px|50px|50px&#8221;][et_pb_social_media_follow_network social_network=&#8221;facebook&#8221; url=&#8221;https:\/\/www.facebook.com\/vilamouzinho\/&#8221; _builder_version=&#8221;3.13.1&#8243; background_color=&#8221;#3b5998&#8243; follow_button=&#8221;off&#8221; url_new_window=&#8221;on&#8221;]facebook[\/et_pb_social_media_follow_network][et_pb_social_media_follow_network social_network=&#8221;instagram&#8221; url=&#8221;https:\/\/www.instagram.com\/villamouzinho\/&#8221; _builder_version=&#8221;3.13.1&#8243; background_color=&#8221;#ea2c59&#8243; follow_button=&#8221;off&#8221; url_new_window=&#8221;on&#8221;]instagram[\/et_pb_social_media_follow_network][\/et_pb_social_media_follow][et_pb_text admin_label=&#8221;Rodape nome do site&#8221; _builder_version=&#8221;4.1&#8243; text_font=&#8221;|300|||||||&#8221; text_text_color=&#8221;#ffffff&#8221; text_font_size=&#8221;15px&#8221; text_line_height=&#8221;1.3em&#8221; header_font=&#8221;||||||||&#8221; background_size=&#8221;initial&#8221; background_position=&#8221;top_left&#8221; background_repeat=&#8221;repeat&#8221; background_layout=&#8221;dark&#8221; custom_margin=&#8221;0px||0px||true&#8221; custom_padding=&#8221;0px||8px||false&#8221; text_font_size_tablet=&#8221;14px&#8221; text_font_size_phone=&#8221;&#8221; text_font_size_last_edited=&#8221;on|desktop&#8221;]<\/p>\n<p>T. <a style=\"color: white;\">+351 914 511 575 | +351 916 806 658<\/a>    E. <a style=\"color: white;\" href=\"villamouzinho@welcomeservices.pt\">villamouzinho@welcomeservices.pt<\/a><\/p>\n<p>[\/et_pb_text][et_pb_text admin_label=&#8221;Rodape nome do site&#8221; _builder_version=&#8221;3.27.4&#8243; text_font=&#8221;|300|||||||&#8221; text_text_color=&#8221;#ccc&#8221; text_font_size=&#8221;14px&#8221; text_line_height=&#8221;1.3em&#8221; header_font=&#8221;||||||||&#8221; background_size=&#8221;initial&#8221; background_position=&#8221;top_left&#8221; background_repeat=&#8221;repeat&#8221; background_layout=&#8221;dark&#8221; custom_margin=&#8221;0px||0px||true&#8221; custom_padding=&#8221;0px||0px||false&#8221;]<\/p>\n<p>\u00a9 Villa Mouzinho &#8211; Apartments &#038; Suites<\/p>\n<p>[\/et_pb_text][et_pb_text admin_label=&#8221;Rodape nome do site&#8221; module_class=&#8221;linkfooter&#8221; _builder_version=&#8221;4.1&#8243; text_font=&#8221;|300|||||||&#8221; text_text_color=&#8221;#cccccc&#8221; text_font_size=&#8221;12px&#8221; text_line_height=&#8221;1.3em&#8221; header_font=&#8221;||||||||&#8221; background_size=&#8221;initial&#8221; background_position=&#8221;top_left&#8221; background_repeat=&#8221;repeat&#8221; custom_margin=&#8221;0px||0px||true&#8221; custom_padding=&#8221;8px||8px||true&#8221;]<\/p>\n<p><a href=\"https:\/\/villamouzinho.com\/en\/protecao-de-dados\/#PP\">Privacy Policy<\/a> | <a href=\"https:\/\/villamouzinho.com\/en\/protecao-de-dados\/#RLO\">Online Dispute Resolution<\/a> | <a href=\"https:\/\/villamouzinho.com\/en\/protecao-de-dados\/#PC\">Cookies Policy<\/a> | <a href=\"https:\/\/www.livroreclamacoes.pt\/inicio\"target=\"_blank\">Complaint Book <\/a><\/p>\n<p>[\/et_pb_text][et_pb_text admin_label=&#8221;Rodape nome do site&#8221; module_class=&#8221;linkfooter&#8221; _builder_version=&#8221;3.27.4&#8243; text_font=&#8221;|300|||||||&#8221; text_text_color=&#8221;#cccccc&#8221; text_font_size=&#8221;12px&#8221; text_line_height=&#8221;1.3em&#8221; header_font=&#8221;||||||||&#8221; background_size=&#8221;initial&#8221; background_position=&#8221;top_left&#8221; background_repeat=&#8221;repeat&#8221; custom_margin=&#8221;0px||0px||true&#8221; custom_padding=&#8221;0px||0px||true&#8221;]<\/p>\n<p>Copyrights:  4BNL, S.A. | webdesign by: <a href=\"https:\/\/atualdesign.pt\/\" target=\"_blank\" rel=\"noopener noreferrer\">atualdesign.pt<\/a><\/p>\n<p>[\/et_pb_text][\/et_pb_column][et_pb_column type=&#8221;1_2&#8243; _builder_version=&#8221;3.25&#8243; custom_padding=&#8221;|||&#8221; custom_padding__hover=&#8221;|||&#8221;][et_pb_contact_form captcha=&#8221;off&#8221; email=&#8221;geral@villamouzinho.com&#8221; title=&#8221;Newsletter&#8221; custom_message=&#8221;Formul\u00e1rio da Newsletter Villa Mouzinho (EN)||et_pb_line_break_holder||||et_pb_line_break_holder||Email: %%Email%%||et_pb_line_break_holder||||et_pb_line_break_holder||||et_pb_line_break_holder||||et_pb_line_break_holder||%%Pol\u00edtica_de_Privacidade%%&#8221; success_message=&#8221;Your subscription has been sent successfully!&#8221; submit_button_text=&#8221;Submit&#8221; module_id=&#8221;et_pb_contact_form_0&#8243; module_class=&#8221;notitle FormB&#8221; _builder_version=&#8221;3.23&#8243; form_field_background_color=&#8221;rgba(0,0,0,0)&#8221; form_field_text_color=&#8221;#cccccc&#8221; title_font=&#8221;|||on|||||&#8221; title_text_color=&#8221;#ffffff&#8221; title_font_size=&#8221;17px&#8221; form_field_font=&#8221;|300|||||||&#8221; form_field_font_size=&#8221;11.5px&#8221; custom_button=&#8221;on&#8221; button_text_size=&#8221;11px&#8221; button_bg_color=&#8221;#ffffff&#8221; button_border_width=&#8221;0px&#8221; button_border_color=&#8221;#ffffff&#8221; button_font=&#8221;|600||on|||||&#8221; max_width=&#8221;320px&#8221; module_alignment=&#8221;right&#8221; custom_margin=&#8221;0px||0px||true&#8221; custom_padding=&#8221;0px||0px||true&#8221; custom_css_contact_title=&#8221;padding-bottom: 15px;&#8221; custom_css_contact_button=&#8221;padding: 7px 30px!important;&#8221; custom_css_contact_fields=&#8221;padding: 13px 13px!important;&#8221; border_width_all=&#8221;1px&#8221; border_color_all=&#8221;rgba(255,255,255,0.4)&#8221; form_background_color=&#8221;rgba(0,0,0,0)&#8221; button_bg_color_hover=&#8221;#ffffff&#8221; button_border_color_hover=&#8221;#ffffff&#8221;][et_pb_contact_field field_id=&#8221;Email&#8221; field_title=&#8221;Email address&#8221; field_type=&#8221;email&#8221; fullwidth_field=&#8221;on&#8221; _builder_version=&#8221;3.16.1&#8243; button_text_size__hover_enabled=&#8221;off&#8221; button_one_text_size__hover_enabled=&#8221;off&#8221; button_two_text_size__hover_enabled=&#8221;off&#8221; button_text_color__hover_enabled=&#8221;off&#8221; button_one_text_color__hover_enabled=&#8221;off&#8221; button_two_text_color__hover_enabled=&#8221;off&#8221; button_border_width__hover_enabled=&#8221;off&#8221; button_one_border_width__hover_enabled=&#8221;off&#8221; button_two_border_width__hover_enabled=&#8221;off&#8221; button_border_color__hover_enabled=&#8221;off&#8221; button_one_border_color__hover_enabled=&#8221;off&#8221; button_two_border_color__hover_enabled=&#8221;off&#8221; button_border_radius__hover_enabled=&#8221;off&#8221; button_one_border_radius__hover_enabled=&#8221;off&#8221; button_two_border_radius__hover_enabled=&#8221;off&#8221; button_letter_spacing__hover_enabled=&#8221;off&#8221; button_one_letter_spacing__hover_enabled=&#8221;off&#8221; button_two_letter_spacing__hover_enabled=&#8221;off&#8221; button_bg_color__hover_enabled=&#8221;off&#8221; button_one_bg_color__hover_enabled=&#8221;off&#8221; button_two_bg_color__hover_enabled=&#8221;off&#8221;][\/et_pb_contact_field][et_pb_contact_field field_id=&#8221;Pol\u00edtica_de_Privacidade&#8221; field_title=&#8221;Privacy Policy&#8221; field_type=&#8221;checkbox&#8221; checkbox_options=&#8221;%91{%22value%22:%22I accept that my personal data is used to receive newsletters. %22,%22checked%22:0,%22dragID%22:-1,%22link_text%22:%22know more%22,%22link_url%22:%22https:\/\/villamouzinho.com\/en\/protecao-de-dados\/#PP%22}%93&#8243; fullwidth_field=&#8221;on&#8221; _builder_version=&#8221;3.16.1&#8243; form_field_text_color=&#8221;#cccccc&#8221; form_field_font=&#8221;||||||||&#8221; form_field_font_size=&#8221;11.6px&#8221; custom_margin=&#8221;0px||0px||true&#8221; custom_padding=&#8221;0px||0px||true&#8221; custom_padding_tablet=&#8221;||15px|&#8221; custom_padding_phone=&#8221;&#8221; custom_padding_last_edited=&#8221;on|tablet&#8221; custom_css_main_element=&#8221;font-size: 11.6px!important;&#8221; button_text_size__hover_enabled=&#8221;off&#8221; button_one_text_size__hover_enabled=&#8221;off&#8221; button_two_text_size__hover_enabled=&#8221;off&#8221; button_text_color__hover_enabled=&#8221;off&#8221; button_one_text_color__hover_enabled=&#8221;off&#8221; button_two_text_color__hover_enabled=&#8221;off&#8221; button_border_width__hover_enabled=&#8221;off&#8221; button_one_border_width__hover_enabled=&#8221;off&#8221; button_two_border_width__hover_enabled=&#8221;off&#8221; button_border_color__hover_enabled=&#8221;off&#8221; button_one_border_color__hover_enabled=&#8221;off&#8221; button_two_border_color__hover_enabled=&#8221;off&#8221; button_border_radius__hover_enabled=&#8221;off&#8221; button_one_border_radius__hover_enabled=&#8221;off&#8221; button_two_border_radius__hover_enabled=&#8221;off&#8221; button_letter_spacing__hover_enabled=&#8221;off&#8221; button_one_letter_spacing__hover_enabled=&#8221;off&#8221; button_two_letter_spacing__hover_enabled=&#8221;off&#8221; button_bg_color__hover_enabled=&#8221;off&#8221; button_one_bg_color__hover_enabled=&#8221;off&#8221; button_two_bg_color__hover_enabled=&#8221;off&#8221;][\/et_pb_contact_field][\/et_pb_contact_form][\/et_pb_column][\/et_pb_row][\/et_pb_section]<\/p>\n","protected":false},"excerpt":{"rendered":"<p>Route D\u00aa Ant\u00f3niaThis route, inspired by D.Ant\u00f3nia Adelaide Ferreira, also known as Dona Ant\u00f3nia, one of the great personalities in the history of this region of northern Portugal and the history of Port Wine, takes us to the prestigious Porto Ferreira wine cellar. In this space, in addition to having the privilege of sampling the [&hellip;]<\/p>\n","protected":false},"author":3,"featured_media":0,"parent":0,"menu_order":0,"comment_status":"closed","ping_status":"closed","template":"","meta":{"_et_pb_use_builder":"on","_et_pb_old_content":"","_et_gb_content_width":"","footnotes":""},"class_list":["post-37970","page","type-page","status-publish","hentry"],"_links":{"self":[{"href":"https:\/\/villamouzinho.com\/en\/wp-json\/wp\/v2\/pages\/37970","targetHints":{"allow":["GET"]}}],"collection":[{"href":"https:\/\/villamouzinho.com\/en\/wp-json\/wp\/v2\/pages"}],"about":[{"href":"https:\/\/villamouzinho.com\/en\/wp-json\/wp\/v2\/types\/page"}],"author":[{"embeddable":true,"href":"https:\/\/villamouzinho.com\/en\/wp-json\/wp\/v2\/users\/3"}],"replies":[{"embeddable":true,"href":"https:\/\/villamouzinho.com\/en\/wp-json\/wp\/v2\/comments?post=37970"}],"version-history":[{"count":28,"href":"https:\/\/villamouzinho.com\/en\/wp-json\/wp\/v2\/pages\/37970\/revisions"}],"predecessor-version":[{"id":38360,"href":"https:\/\/villamouzinho.com\/en\/wp-json\/wp\/v2\/pages\/37970\/revisions\/38360"}],"wp:attachment":[{"href":"https:\/\/villamouzinho.com\/en\/wp-json\/wp\/v2\/media?parent=37970"}],"curies":[{"name":"wp","href":"https:\/\/api.w.org\/{rel}","templated":true}]}}